{"id":157181,"date":"2024-02-23T11:40:09","date_gmt":"2024-02-23T10:40:09","guid":{"rendered":"https:\/\/alumniunige.ch\/evenements\/"},"modified":"2026-04-28T09:16:14","modified_gmt":"2026-04-28T07:16:14","slug":"evenements","status":"publish","type":"page","link":"https:\/\/alumniunige.ch\/en\/events\/","title":{"rendered":"EVENTS"},"content":{"rendered":"<div class=\"wpb-content-wrapper\"><div id=\"tdi_1\" class=\"tdc-row stretch_row\"><div class=\"vc_row vc_custom_1511613119705 tdi_2  wpb_row td-pb-row\" >\n<style scoped>\n\/* custom css - generated by TagDiv Composer *\/\n\n\/* tdc_composer_block - inline css att *\/\n.vc_custom_1511613119705{background-position: center !important;background-repeat: no-repeat !important;background-size: cover !important;}\n\/* custom css - generated by TagDiv Composer *\/\n.tdi_2,\r\n                .tdi_2 .tdc-columns{\r\n                    min-height: 0;\r\n                }.tdi_2,\r\n\t\t\t\t.tdi_2 .tdc-columns{\r\n\t\t\t\t    display: block;\r\n\t\t\t\t}.tdi_2 .tdc-columns{\r\n\t\t\t\t    width: 100%;\r\n\t\t\t\t}.tdi_2:before,\r\n\t\t\t\t.tdi_2:after{\r\n\t\t\t\t    display: table;\r\n\t\t\t\t}\n<\/style><div class=\"vc_column tdi_4  wpb_column vc_column_container tdc-column td-pb-span12\">\n<style scoped>\n\/* custom css - generated by TagDiv Composer *\/\n\n\/* custom css - generated by TagDiv Composer *\/\n.tdi_4{\r\n                    vertical-align: baseline;\r\n                }.tdi_4 > .wpb_wrapper,\r\n\t\t\t\t.tdi_4 > .wpb_wrapper > .tdc-elements{\r\n\t\t\t\t    display: block;\r\n\t\t\t\t}.tdi_4 > .wpb_wrapper > .tdc-elements{\r\n\t\t\t\t    width: 100%;\r\n\t\t\t\t}.tdi_4 > .wpb_wrapper > .vc_row_inner{\r\n\t\t\t\t    width: auto;\r\n\t\t\t\t}.tdi_4 > .wpb_wrapper{\r\n\t\t\t\t    width: auto;\r\n\t\t\t\t    height: auto;\r\n\t\t\t\t}\n<\/style><div class=\"wpb_wrapper\" >[vc_column_text]\r\n<h1>EVENTS<\/h1>\r\n[\/vc_column_text][vc_tta_tour][vc_tta_section i_icon_fontawesome=&#8221;fa fa-regular fa-calendar-days&#8221; add_icon=&#8221;true&#8221; title=&#8221;UPCOMING EVENTS&#8221; tab_id=&#8221;a-venir&#8221;]<div class=\"vc_row_inner tdi_6  vc_row vc_inner wpb_row td-pb-row\" >\n<style scoped>\n\/* custom css - generated by TagDiv Composer *\/\n\n\/* custom css - generated by TagDiv Composer *\/\n.tdi_6{\r\n                    position: relative !important;\r\n                    top: 0;\r\n                    transform: none;\r\n                    -webkit-transform: none;\r\n                }.tdi_6,\r\n\t\t\t\t.tdi_6 .tdc-inner-columns{\r\n\t\t\t\t    display: block;\r\n\t\t\t\t}.tdi_6 .tdc-inner-columns{\r\n\t\t\t\t    width: 100%;\r\n\t\t\t\t}\n<\/style><div class=\"vc_column_inner tdi_8  wpb_column vc_column_container tdc-inner-column\">\n<style scoped>\n\/* custom css - generated by TagDiv Composer *\/\n\n\/* custom css - generated by TagDiv Composer *\/\n.tdi_8{\r\n                    vertical-align: baseline;\r\n                }.tdi_8 .vc_column-inner > .wpb_wrapper,\r\n\t\t\t\t.tdi_8 .vc_column-inner > .wpb_wrapper .tdc-elements{\r\n\t\t\t\t    display: block;\r\n\t\t\t\t}.tdi_8 .vc_column-inner > .wpb_wrapper .tdc-elements{\r\n\t\t\t\t    width: 100%;\r\n\t\t\t\t}\n<\/style><div class=\"vc_column-inner\"><div class=\"wpb_wrapper\" ><div class=\"td_block_wrap td_block_6 vc_custom_1763132953333 tdi_9 td-pb-border-top td_block_template_14 td-column-1 td_block_padding td_block_bot_line\"  data-td-block-uid=\"tdi_9\" ><script>var block_tdi_9 = new tdBlock();\nblock_tdi_9.id = \"tdi_9\";\nblock_tdi_9.atts = '{\"custom_url\":\"https:\\\/\\\/alumniunige.ch\\\/en\\\/category\\\/unige-events-en\\\/\",\"category_id\":\"64\",\"css\":\".vc_custom_1763132953333{padding-left: 15px !important;}\",\"block_type\":\"td_block_6\",\"separator\":\"\",\"custom_title\":\"\",\"block_template_id\":\"\",\"m5_tl\":\"\",\"m5_el\":\"\",\"post_ids\":\"\",\"taxonomies\":\"\",\"category_ids\":\"\",\"in_all_terms\":\"\",\"tag_slug\":\"\",\"autors_id\":\"\",\"installed_post_types\":\"\",\"include_cf_posts\":\"\",\"exclude_cf_posts\":\"\",\"sort\":\"\",\"popular_by_date\":\"\",\"linked_posts\":\"\",\"favourite_only\":\"\",\"limit\":\"5\",\"offset\":\"\",\"open_in_new_window\":\"\",\"show_modified_date\":\"\",\"time_ago\":\"\",\"time_ago_add_txt\":\"ago\",\"time_ago_txt_pos\":\"\",\"review_source\":\"\",\"el_class\":\"\",\"td_ajax_filter_type\":\"\",\"td_ajax_filter_ids\":\"\",\"td_filter_default_txt\":\"All\",\"td_ajax_preloading\":\"\",\"f_header_font_header\":\"\",\"f_header_font_title\":\"Block header\",\"f_header_font_settings\":\"\",\"f_header_font_family\":\"\",\"f_header_font_size\":\"\",\"f_header_font_line_height\":\"\",\"f_header_font_style\":\"\",\"f_header_font_weight\":\"\",\"f_header_font_transform\":\"\",\"f_header_font_spacing\":\"\",\"f_header_\":\"\",\"f_ajax_font_title\":\"Ajax categories\",\"f_ajax_font_settings\":\"\",\"f_ajax_font_family\":\"\",\"f_ajax_font_size\":\"\",\"f_ajax_font_line_height\":\"\",\"f_ajax_font_style\":\"\",\"f_ajax_font_weight\":\"\",\"f_ajax_font_transform\":\"\",\"f_ajax_font_spacing\":\"\",\"f_ajax_\":\"\",\"f_more_font_title\":\"Load more button\",\"f_more_font_settings\":\"\",\"f_more_font_family\":\"\",\"f_more_font_size\":\"\",\"f_more_font_line_height\":\"\",\"f_more_font_style\":\"\",\"f_more_font_weight\":\"\",\"f_more_font_transform\":\"\",\"f_more_font_spacing\":\"\",\"f_more_\":\"\",\"m5f_title_font_header\":\"\",\"m5f_title_font_title\":\"Article title\",\"m5f_title_font_settings\":\"\",\"m5f_title_font_family\":\"\",\"m5f_title_font_size\":\"\",\"m5f_title_font_line_height\":\"\",\"m5f_title_font_style\":\"\",\"m5f_title_font_weight\":\"\",\"m5f_title_font_transform\":\"\",\"m5f_title_font_spacing\":\"\",\"m5f_title_\":\"\",\"m5f_cat_font_title\":\"Article category tag\",\"m5f_cat_font_settings\":\"\",\"m5f_cat_font_family\":\"\",\"m5f_cat_font_size\":\"\",\"m5f_cat_font_line_height\":\"\",\"m5f_cat_font_style\":\"\",\"m5f_cat_font_weight\":\"\",\"m5f_cat_font_transform\":\"\",\"m5f_cat_font_spacing\":\"\",\"m5f_cat_\":\"\",\"m5f_meta_font_title\":\"Article meta info\",\"m5f_meta_font_settings\":\"\",\"m5f_meta_font_family\":\"\",\"m5f_meta_font_size\":\"\",\"m5f_meta_font_line_height\":\"\",\"m5f_meta_font_style\":\"\",\"m5f_meta_font_weight\":\"\",\"m5f_meta_font_transform\":\"\",\"m5f_meta_font_spacing\":\"\",\"m5f_meta_\":\"\",\"m5f_ex_font_title\":\"Article excerpt\",\"m5f_ex_font_settings\":\"\",\"m5f_ex_font_family\":\"\",\"m5f_ex_font_size\":\"\",\"m5f_ex_font_line_height\":\"\",\"m5f_ex_font_style\":\"\",\"m5f_ex_font_weight\":\"\",\"m5f_ex_font_transform\":\"\",\"m5f_ex_font_spacing\":\"\",\"m5f_ex_\":\"\",\"ajax_pagination\":\"\",\"ajax_pagination_next_prev_swipe\":\"\",\"ajax_pagination_infinite_stop\":\"\",\"tdc_css\":\"\",\"td_column_number\":1,\"header_color\":\"\",\"color_preset\":\"\",\"border_top\":\"\",\"class\":\"tdi_9\",\"tdc_css_class\":\"tdi_9\",\"tdc_css_class_style\":\"tdi_9_rand_style\"}';\nblock_tdi_9.td_column_number = \"1\";\nblock_tdi_9.block_type = \"td_block_6\";\nblock_tdi_9.post_count = \"5\";\nblock_tdi_9.found_posts = \"12\";\nblock_tdi_9.header_color = \"\";\nblock_tdi_9.ajax_pagination_infinite_stop = \"\";\nblock_tdi_9.max_num_pages = \"3\";\ntdBlocksArray.push(block_tdi_9);\n<\/script><div class=\"td-block-title-wrap\"><\/div><div id=tdi_9 class=\"td_block_inner\">\n\n\t<div class=\"td-block-span12\">\n\r\n        <div class=\"td_module_5 td_module_wrap td-animation-stack\">\r\n\r\n            <h3 class=\"entry-title td-module-title\"><a href=\"https:\/\/alumniunige.ch\/en\/nuit-du-badminton\/\"  rel=\"bookmark\" title=\"Nuit du badminton\">Nuit du badminton<\/a><\/h3>\r\n            <div class=\"td-module-meta-info\">\r\n                                <span class=\"td-post-date\"><time class=\"entry-date updated td-module-date\" datetime=\"2026-04-30T16:01:08+02:00\" >30\/04\/2026<\/time><\/span>                            <\/div>\r\n\r\n            <div class=\"td-module-image\">\r\n                <div class=\"td-module-thumb\"><a href=\"https:\/\/alumniunige.ch\/en\/nuit-du-badminton\/\"  rel=\"bookmark\" class=\"td-image-wrap \" title=\"Nuit du badminton\" ><img loading=\"lazy\" decoding=\"async\" class=\"entry-thumb\" src=\"data:image\/png;base64,iVBORw0KGgoAAAANSUhEUgAAAUQAAADrAQMAAAArGX0KAAAAA1BMVEWurq51dlI4AAAAAXRSTlMmkutdmwAAACBJREFUaN7twTEBAAAAwiD7pzbEXmAAAAAAAAAAAACQHSaOAAGSp1GBAAAAAElFTkSuQmCC\" alt=\"\" title=\"Nuit du badminton\" data-type=\"image_tag\" data-img-url=\"https:\/\/alumniunige.ch\/wp-content\/uploads\/2026\/04\/events_1620-324x235.jpg\"  width=\"324\" height=\"235\" \/><\/a><\/div>                            <\/div>\r\n\r\n            <div class=\"td-excerpt\">\r\n                De: vendredi 22 mai 2026 18:00 \u00e0 vendredi 22 mai 2026 23:59<\/br><\/br><p>Le 22 mai aura lieu ce tournoi amateur, con\u00e7u pour le plaisir de jouer et de partager un moment convivial. Les inscriptions sont ouvertes jusqu\u2019au 12 mai.<\/p><p>A noter qu'un-e licenci\u00e9-e ne peut jouer qu'avec un-e non-licenci\u00e9-e.<\/p><p><a class=\"iw-rte-link-inline\" href=\"https:\/\/vie-de-campus.unige.ch\/catalogue\/P311-nuit-badminton\" target=\"_blank\" rel=\"noreferrer noopener\">Plus d'informations<\/a><\/p><\/br><\/br>Lieu: \u00a0CSU\u2011Champel | B\u00e2timent 1 Chemin Edouard-Tavan 11 1206 Gen\u00e8ve<\/br><\/br>Lien GoogleMap: <a href=\"https:\/\/share.google\/XQKbofXNML4IdxRAv\"> Voir<\/a>            <\/div>\r\n\r\n            \r\n        <\/div>\r\n\r\n        \n\t<\/div> <!-- .\/td-block-span12 -->\n\n\t<div class=\"td-block-span12\">\n\r\n        <div class=\"td_module_5 td_module_wrap td-animation-stack\">\r\n\r\n            <h3 class=\"entry-title td-module-title\"><a href=\"https:\/\/alumniunige.ch\/en\/conference-citizens-or-subjects-two-ancient-greek-pathways-out-of-social-crisis\/\"  rel=\"bookmark\" title=\"Conf\u00e9rence: &#8220;Citizens or Subjects? Two Ancient Greek Pathways out of Social Crisis&#8221;\">Conf\u00e9rence: &#8220;Citizens or Subjects? Two Ancient Greek Pathways out of Social...<\/a><\/h3>\r\n            <div class=\"td-module-meta-info\">\r\n                                <span class=\"td-post-date\"><time class=\"entry-date updated td-module-date\" datetime=\"2026-04-27T15:00:46+02:00\" >27\/04\/2026<\/time><\/span>                            <\/div>\r\n\r\n            <div class=\"td-module-image\">\r\n                <div class=\"td-module-thumb\"><a href=\"https:\/\/alumniunige.ch\/en\/conference-citizens-or-subjects-two-ancient-greek-pathways-out-of-social-crisis\/\"  rel=\"bookmark\" class=\"td-image-wrap \" title=\"Conf\u00e9rence: &#8220;Citizens or Subjects? Two Ancient Greek Pathways out of Social Crisis&#8221;\" ><img loading=\"lazy\" decoding=\"async\" class=\"entry-thumb\" src=\"data:image\/png;base64,iVBORw0KGgoAAAANSUhEUgAAAUQAAADrAQMAAAArGX0KAAAAA1BMVEWurq51dlI4AAAAAXRSTlMmkutdmwAAACBJREFUaN7twTEBAAAAwiD7pzbEXmAAAAAAAAAAAACQHSaOAAGSp1GBAAAAAElFTkSuQmCC\" alt=\"\" title=\"Conf\u00e9rence: &#8220;Citizens or Subjects? Two Ancient Greek Pathways out of Social Crisis&#8221;\" data-type=\"image_tag\" data-img-url=\"https:\/\/alumniunige.ch\/wp-content\/uploads\/2026\/04\/events_1619-324x235.png\"  width=\"324\" height=\"235\" \/><\/a><\/div>                            <\/div>\r\n\r\n            <div class=\"td-excerpt\">\r\n                De: jeudi 07 mai 2026 18:30 \u00e0 jeudi 07 mai 2026 20:00<\/br><\/br><p>Conf\u00e9rence de<strong> Josiah Ober<\/strong>, professeur \u00e0 l'Universit\u00e9 de Stanford et laur\u00e9at du Prix Balzan 2025\u00a0<\/p><p>Face \u00e0 une crise, un peuple peut choisir entre d\u00e9mocratie ou tyrannie. \u00c0 Ath\u00e8nes, Solon pose les fondements de la d\u00e9mocratie. Chez les M\u00e8des, D\u00e9joc\u00e8s instaure la tyrannie. Deux crises, deux issues oppos\u00e9es qui questionnent la politique de notre temps.<\/p><p><a class=\"iw-rte-link-inline\" href=\"https:\/\/www.unige.ch\/lettres\/antic\/unites\/archeo\/actualites\/conferences\" target=\"_blank\" rel=\"noreferrer noopener\"><strong>Plus d'infos<\/strong><\/a><\/p><\/br><\/br>Lieu: \u00a0Uni Mail | MR290<\/br><\/br>Lien GoogleMap: <a href=\"https:\/\/share.google\/of9OJAdUW4caNarip\"> Voir<\/a>            <\/div>\r\n\r\n            \r\n        <\/div>\r\n\r\n        \n\t<\/div> <!-- .\/td-block-span12 -->\n\n\t<div class=\"td-block-span12\">\n\r\n        <div class=\"td_module_5 td_module_wrap td-animation-stack\">\r\n\r\n            <h3 class=\"entry-title td-module-title\"><a href=\"https:\/\/alumniunige.ch\/en\/conference-pourquoi-le-travail-se-desenchante-du-sens-a-la-performance\/\"  rel=\"bookmark\" title=\"Conf\u00e9rence &#8220;Pourquoi le travail se d\u00e9senchante: du sens \u00e0 la performance&#8221;\">Conf\u00e9rence &#8220;Pourquoi le travail se d\u00e9senchante: du sens \u00e0 la performance&#8221;<\/a><\/h3>\r\n            <div class=\"td-module-meta-info\">\r\n                                <span class=\"td-post-date\"><time class=\"entry-date updated td-module-date\" datetime=\"2026-04-27T15:00:41+02:00\" >27\/04\/2026<\/time><\/span>                            <\/div>\r\n\r\n            <div class=\"td-module-image\">\r\n                <div class=\"td-module-thumb\"><a href=\"https:\/\/alumniunige.ch\/en\/conference-pourquoi-le-travail-se-desenchante-du-sens-a-la-performance\/\"  rel=\"bookmark\" class=\"td-image-wrap \" title=\"Conf\u00e9rence &#8220;Pourquoi le travail se d\u00e9senchante: du sens \u00e0 la performance&#8221;\" ><img loading=\"lazy\" decoding=\"async\" class=\"entry-thumb\" src=\"data:image\/png;base64,iVBORw0KGgoAAAANSUhEUgAAAUQAAADrAQMAAAArGX0KAAAAA1BMVEWurq51dlI4AAAAAXRSTlMmkutdmwAAACBJREFUaN7twTEBAAAAwiD7pzbEXmAAAAAAAAAAAACQHSaOAAGSp1GBAAAAAElFTkSuQmCC\" alt=\"\" title=\"Conf\u00e9rence &#8220;Pourquoi le travail se d\u00e9senchante: du sens \u00e0 la performance&#8221;\" data-type=\"image_tag\" data-img-url=\"https:\/\/alumniunige.ch\/wp-content\/uploads\/2026\/04\/events_1618-324x235.jpg\"  width=\"324\" height=\"235\" \/><\/a><\/div>                            <\/div>\r\n\r\n            <div class=\"td-excerpt\">\r\n                De: mercredi 06 mai 2026 19:00 \u00e0 mercredi 06 mai 2026 20:30<\/br><\/br><p>Conf\u00e9rence de <strong>Julia de Fun\u00e8s<\/strong>, philosophe, \u00e9crivaine et sp\u00e9cialiste des ressources humaines, Paris<\/p><p>La m\u00e9decine est l\u2019un des m\u00e9tiers les plus porteurs de sens que les r\u00e9alit\u00e9s du terrain met parfois \u00e0 rude \u00e9preuve. Dans le cadre du cycle de conf\u00e9rences des 150 ans de la Facult\u00e9 de m\u00e9decine, Julia de Fun\u00e8s proposera une analyse critique des normes contemporaines et des transformations de l\u2019identit\u00e9 au travail.<\/p><p><a class=\"iw-rte-link-inline\" href=\"https:\/\/www.unige.ch\/medecine\/150ans\/SMGe\" target=\"_blank\" rel=\"noreferrer noopener\"><strong>Plus d'infos<\/strong><\/a><\/p><\/br><\/br>Lieu: \u00a0CMU<\/br><\/br>Lien GoogleMap: <a href=\"https:\/\/share.google\/1bgIxefrc7yR1jij8\"> Voir<\/a>            <\/div>\r\n\r\n            \r\n        <\/div>\r\n\r\n        \n\t<\/div> <!-- .\/td-block-span12 -->\n\n\t<div class=\"td-block-span12\">\n\r\n        <div class=\"td_module_5 td_module_wrap td-animation-stack\">\r\n\r\n            <h3 class=\"entry-title td-module-title\"><a href=\"https:\/\/alumniunige.ch\/en\/semaine-de-la-durabilite-4-au-9-mai\/\"  rel=\"bookmark\" title=\"Semaine de la durabilit\u00e9 &#8211; 4 au 9 mai\">Semaine de la durabilit\u00e9 &#8211; 4 au 9 mai<\/a><\/h3>\r\n            <div class=\"td-module-meta-info\">\r\n                                <span class=\"td-post-date\"><time class=\"entry-date updated td-module-date\" datetime=\"2026-04-27T14:00:44+02:00\" >27\/04\/2026<\/time><\/span>                            <\/div>\r\n\r\n            <div class=\"td-module-image\">\r\n                <div class=\"td-module-thumb\"><a href=\"https:\/\/alumniunige.ch\/en\/semaine-de-la-durabilite-4-au-9-mai\/\"  rel=\"bookmark\" class=\"td-image-wrap \" title=\"Semaine de la durabilit\u00e9 &#8211; 4 au 9 mai\" ><img loading=\"lazy\" decoding=\"async\" class=\"entry-thumb\" src=\"data:image\/png;base64,iVBORw0KGgoAAAANSUhEUgAAAUQAAADrAQMAAAArGX0KAAAAA1BMVEWurq51dlI4AAAAAXRSTlMmkutdmwAAACBJREFUaN7twTEBAAAAwiD7pzbEXmAAAAAAAAAAAACQHSaOAAGSp1GBAAAAAElFTkSuQmCC\" alt=\"\" title=\"Semaine de la durabilit\u00e9 &#8211; 4 au 9 mai\" data-type=\"image_tag\" data-img-url=\"https:\/\/alumniunige.ch\/wp-content\/uploads\/2026\/04\/events_1614-324x235.jpg\"  width=\"324\" height=\"235\" \/><\/a><\/div>                            <\/div>\r\n\r\n            <div class=\"td-excerpt\">\r\n                De: lundi 04 mai 2026 00:00 \u00e0 samedi 09 mai 2026 00:00<\/br><\/br><p>La Semaine de la durabilit\u00e9 est un projet \u00e9tudiant qui a pour but la sensibilisation au d\u00e9veloppement durable. Cette ann\u00e9e, plusieurs activit\u00e9s seront organis\u00e9es autour de la th\u00e9matique: un monde en mouvement. Le programme propose \u00e9galement une projection du film\u00a0<em>\u00abToxic Bodies\u00bb<\/em>, dont la diffusion est aliment\u00e9e par l\u2019\u00e9nergie produite en p\u00e9dalant.\u00a0<\/p><p><a class=\"iw-rte-link-inline\" href=\"https:\/\/www.unige.ch\/sdd\/pretexte\/programme-2\" target=\"_blank\" rel=\"noreferrer noopener\"><strong>Plus d'infos<\/strong><\/a><\/p><\/br><\/br>Lieu: \u00a0<\/br><\/br>Lien GoogleMap: <a href=\"\"> Voir<\/a>            <\/div>\r\n\r\n            \r\n        <\/div>\r\n\r\n        \n\t<\/div> <!-- .\/td-block-span12 -->\n\n\t<div class=\"td-block-span12\">\n\r\n        <div class=\"td_module_5 td_module_wrap td-animation-stack\">\r\n\r\n            <h3 class=\"entry-title td-module-title\"><a href=\"https:\/\/alumniunige.ch\/en\/festival-explorer-demain\/\"  rel=\"bookmark\" title=\"Festival &#8220;Explorer demain&#8221;\">Festival &#8220;Explorer demain&#8221;<\/a><\/h3>\r\n            <div class=\"td-module-meta-info\">\r\n                                <span class=\"td-post-date\"><time class=\"entry-date updated td-module-date\" datetime=\"2026-04-27T14:00:40+02:00\" >27\/04\/2026<\/time><\/span>                            <\/div>\r\n\r\n            <div class=\"td-module-image\">\r\n                <div class=\"td-module-thumb\"><a href=\"https:\/\/alumniunige.ch\/en\/festival-explorer-demain\/\"  rel=\"bookmark\" class=\"td-image-wrap \" title=\"Festival &#8220;Explorer demain&#8221;\" ><img loading=\"lazy\" decoding=\"async\" class=\"entry-thumb\" src=\"data:image\/png;base64,iVBORw0KGgoAAAANSUhEUgAAAUQAAADrAQMAAAArGX0KAAAAA1BMVEWurq51dlI4AAAAAXRSTlMmkutdmwAAACBJREFUaN7twTEBAAAAwiD7pzbEXmAAAAAAAAAAAACQHSaOAAGSp1GBAAAAAElFTkSuQmCC\" alt=\"\" title=\"Festival &#8220;Explorer demain&#8221;\" data-type=\"image_tag\" data-img-url=\"https:\/\/alumniunige.ch\/wp-content\/uploads\/2026\/04\/events_1617-324x235.png\"  width=\"324\" height=\"235\" \/><\/a><\/div>                            <\/div>\r\n\r\n            <div class=\"td-excerpt\">\r\n                De: samedi 02 mai 2026 00:00 \u00e0 samedi 09 mai 2026 00:00<\/br><\/br><p>Du 2 au 9 mai<\/p><p>Sp\u00e9cialistes, artistes, citoyennes et citoyens se rassemblent pour r\u00eaver, \u00e9changer et fa\u00e7onner un futur commun. Immersif et participatif, ce festival genevois investit des lieux embl\u00e9matiques pour \u00e9changer autour de solutions concr\u00e8tes.<\/p><p><a class=\"iw-rte-link-inline\" href=\"https:\/\/exploregeneve.ch\/\" target=\"_blank\" rel=\"noreferrer noopener\"><strong>Plus d'infos<\/strong><\/a><\/p><\/br><\/br>Lieu: \u00a0<\/br><\/br>Lien GoogleMap: <a href=\"\"> Voir<\/a>            <\/div>\r\n\r\n            \r\n        <\/div>\r\n\r\n        \n\t<\/div> <!-- .\/td-block-span12 --><\/div><\/div> <!-- .\/block --><\/div><\/div><\/div><\/div>[\/vc_tta_section][vc_tta_section i_icon_fontawesome=&#8221;fa fa-solid fa-chalkboard-user&#8221; add_icon=&#8221;true&#8221; title=&#8221;GUEST SPEAKERS&#8221; tab_id=&#8221;guest-speakers&#8221;]<div class=\"vc_row_inner vc_custom_1511615022634 tdi_11  vc_row vc_inner wpb_row td-pb-row\" >\n<style scoped>\n\/* custom css - generated by TagDiv Composer *\/\n\n\/* tdc_composer_block - inline css att *\/\n.vc_custom_1511615022634{padding-right: 30px !important;padding-bottom: 20px !important;padding-left: 30px !important;background-position: center !important;background-repeat: no-repeat !important;background-size: cover !important;}\n\/* custom css - generated by TagDiv Composer *\/\n.tdi_11{\r\n                    position: relative !important;\r\n                    top: 0;\r\n                    transform: none;\r\n                    -webkit-transform: none;\r\n                }.tdi_11,\r\n\t\t\t\t.tdi_11 .tdc-inner-columns{\r\n\t\t\t\t    display: block;\r\n\t\t\t\t}.tdi_11 .tdc-inner-columns{\r\n\t\t\t\t    width: 100%;\r\n\t\t\t\t}@media (min-width: 768px) {\r\n\t                .tdi_11 {\r\n\t                    margin-left: -10px;\r\n\t                    margin-right: -10px;\r\n\t                }\r\n\t                .tdi_11 > .vc_column_inner,\r\n\t                .tdi_11 > .tdc-inner-columns > .vc_column_inner {\r\n\t                    padding-left: 10px;\r\n\t                    padding-right: 10px;\r\n\t                }\r\n                }\n<\/style><div class=\"vc_column_inner tdi_13  wpb_column vc_column_container tdc-inner-column td-pb-span8\">\n<style scoped>\n\/* custom css - generated by TagDiv Composer *\/\n\n\/* custom css - generated by TagDiv Composer *\/\n.tdi_13{\r\n                    vertical-align: baseline;\r\n                }.tdi_13 .vc_column-inner > .wpb_wrapper,\r\n\t\t\t\t.tdi_13 .vc_column-inner > .wpb_wrapper .tdc-elements{\r\n\t\t\t\t    display: block;\r\n\t\t\t\t}.tdi_13 .vc_column-inner > .wpb_wrapper .tdc-elements{\r\n\t\t\t\t    width: 100%;\r\n\t\t\t\t}\n<\/style><div class=\"vc_column-inner\"><div class=\"wpb_wrapper\" >[vc_single_image image=&#8221;157142&#8243; img_size=&#8221;large&#8221; alignment=&#8221;center&#8221;][vc_column_text el_id=&#8221;ansframe&#8221;]\r\n<h4><strong>Guest speakers<\/strong><\/h4>\r\nWe regularly invite prestigious speakers to give talks on a range of subjects. These talks are a great opportunity to enrich your knowledge and network at the same time.\r\n\r\n&nbsp;\r\n<h6>23 February 2022: <strong><a href=\"https:\/\/alumniunige.ch\/accord-cadre\/#accordcadre-streaming\">Fin de l\u2019accord-cadre. Quelles cons\u00e9quences pour les universit\u00e9s et l\u2019\u00e9conomie suisses ?<\/a><b> <\/b><\/strong><\/h6>\r\n<h6><img loading=\"lazy\" decoding=\"async\" class=\"alignnone size-full wp-image-156923\" src=\"https:\/\/wp.peoplepath.com\/ugva-dev\/wp-content\/uploads\/2023\/12\/Event-AccordCadre-230222.jpg\" alt=\"\" width=\"1140\" height=\"350\" \/><\/h6>\r\n<h6>Representatives from academic, economic and political circles discussed the initial effects of the breakdown of the Framework Agreement with the European Union and explored scenarios for the near future.<\/h6>\r\n[\/vc_column_text]<\/div><\/div><\/div><div class=\"vc_column_inner vc_custom_1511627444648 tdi_15  wpb_column vc_column_container tdc-inner-column td-pb-span4\">\n<style scoped>\n\/* custom css - generated by TagDiv Composer *\/\n\n\/* tdc_composer_block - inline css att *\/\n.vc_custom_1511627444648{padding-top: 20px !important;padding-right: 20px !important;padding-bottom: 20px !important;padding-left: 20px !important;background-color: #efefef !important;background-position: 0 0 !important;background-repeat: repeat !important;}\n\/* custom css - generated by TagDiv Composer *\/\n.tdi_15{\r\n                    vertical-align: baseline;\r\n                }.tdi_15 .vc_column-inner > .wpb_wrapper,\r\n\t\t\t\t.tdi_15 .vc_column-inner > .wpb_wrapper .tdc-elements{\r\n\t\t\t\t    display: block;\r\n\t\t\t\t}.tdi_15 .vc_column-inner > .wpb_wrapper .tdc-elements{\r\n\t\t\t\t    width: 100%;\r\n\t\t\t\t}\n<\/style><div class=\"vc_column-inner\"><div class=\"wpb_wrapper\" >[vc_column_text css=&#8221;&#8221;]<strong>Guest speakers have included:\r\n<\/strong>\r\n<ul>\r\n \t<li><a href=\"https:\/\/www.youtube.com\/watch?v=tMnQZa3OiE4\">Raymond Loretan (June 2025)<\/a><\/li>\r\n \t<li><a href=\"https:\/\/www.youtube.com\/watch?v=5WThhAYjwj4\">Pierre Kr\u00e4henb\u00fchl (June 2024)<\/a><\/li>\r\n \t<li><a href=\"https:\/\/mediaserver.unige.ch\/play\/193069\">Hugo Duminil-Copin (May 2023)<\/a><\/li>\r\n \t<li><a href=\"https:\/\/youtu.be\/zaSdt5HpecA\">Michel Mayor (May 2022)<\/a><\/li>\r\n \t<li><a href=\"https:\/\/www.youtube.com\/watch?v=l6C13ScaJn4\">Yves Fl\u00fcckiger (Sep 2021)<\/a><\/li>\r\n \t<li><a href=\"https:\/\/mediaserver.unige.ch\/play\/116839\">Ouided Bouchamaoui (Mar 2019)<\/a><\/li>\r\n \t<li><a href=\"https:\/\/youtu.be\/4W9mhNQV9-Q?si=Dor55hT1Bnq4_Mj2\">Denis Duboule (Apr 2018)<\/a><\/li>\r\n \t<li><a href=\"https:\/\/youtu.be\/tQNcC9BQwQk?si=TUEM397RxkOiNqkB\">Michael M\u00f8ller (Mar 2017)<\/a><\/li>\r\n \t<li><a href=\"https:\/\/youtu.be\/w4BHTHr9CFg?si=0_yPUhnqqaoCP_zN\">Claude Nicollier (Apr 2016)<\/a><\/li>\r\n \t<li>Richard Jones (Oct 2015)<\/li>\r\n \t<li><a href=\"https:\/\/youtu.be\/VTI6BLc_oGw?si=gQs5Ldiu18Cq_Sro\">Patrick Odier (May 2015)<\/a><\/li>\r\n \t<li><a href=\"https:\/\/youtu.be\/XgccVLRtQsU?si=B7URgwYSRXOLlNOZ\">Yves Daccord (Nov 2014)<\/a><\/li>\r\n \t<li><a href=\"https:\/\/mediaserver.unige.ch\/play\/VN4-20b3-2013-2014\">Patrick Aebischer (Sep 2013)<\/a><\/li>\r\n \t<li><a href=\"https:\/\/youtu.be\/XoDPFy6pgg8?si=uEvIl8XuporQSBYP\">Carla Del Ponte (May 2011)<\/a><\/li>\r\n \t<li>Jean-Pierre Roth (May 2010)<\/li>\r\n<\/ul>\r\n[\/vc_column_text][vc_column_text]<strong>10<sup>th<\/sup> anniversary celebration<\/strong>\r\n\r\n<img loading=\"lazy\" decoding=\"async\" class=\"alignnone wp-image-156925\" src=\"https:\/\/wp.peoplepath.com\/ugva-dev\/wp-content\/uploads\/2023\/12\/soiree10ans.jpg\" alt=\"\" width=\"167\" height=\"111\" \/>\r\n\r\nTo celebrate its 10th anniversary, Alumni UNIGE organised a <a href=\"https:\/\/alumniunige.ch\/?page_id=30689\">great evening<\/a> on November 7, 2019, which was attended by numerous key alumni of the University of Geneva.\r\n\r\n<strong>Archive footage:<\/strong>[\/vc_column_text][vc_video link=&#8221;https:\/\/www.youtube.com\/watch?v=SvixXuTVFxE&#8221; el_id=&#8221;anstab&#8221;][vc_column_text]<strong>The evening quiz:<\/strong>\r\n\r\n<a href=\"http:\/\/bit.ly\/jeu10ans\">http:\/\/bit.ly\/jeu10ans<\/a>\r\n\r\n<strong>Answers:\r\n<\/strong>\r\n\r\n<a href=\"http:\/\/bit.ly\/ReponsesJeu10ans\">http:\/\/bit.ly\/ReponsesJeu10ans<\/a>[\/vc_column_text]<\/div><\/div><\/div><\/div>[\/vc_tta_section][vc_tta_section i_icon_fontawesome=&#8221;fa fa-brands fa-youtube&#8221; add_icon=&#8221;true&#8221; title=&#8221;ALUMNI TUESDAYS&#8221; tab_id=&#8221;alumni-tuesdays&#8221;][vc_single_image image=&#8221;157145&#8243; img_size=&#8221;large&#8221; alignment=&#8221;center&#8221;]<div class=\"vc_row_inner vc_custom_1511615022634 tdi_17  vc_row vc_inner wpb_row td-pb-row\" >\n<style scoped>\n\/* custom css - generated by TagDiv Composer *\/\n\n\/* tdc_composer_block - inline css att *\/\n.vc_custom_1511615022634{padding-right: 30px !important;padding-bottom: 20px !important;padding-left: 30px !important;background-position: center !important;background-repeat: no-repeat !important;background-size: cover !important;}\n\/* custom css - generated by TagDiv Composer *\/\n.tdi_17{\r\n                    position: relative !important;\r\n                    top: 0;\r\n                    transform: none;\r\n                    -webkit-transform: none;\r\n                }.tdi_17,\r\n\t\t\t\t.tdi_17 .tdc-inner-columns{\r\n\t\t\t\t    display: block;\r\n\t\t\t\t}.tdi_17 .tdc-inner-columns{\r\n\t\t\t\t    width: 100%;\r\n\t\t\t\t}@media (min-width: 768px) {\r\n\t                .tdi_17 {\r\n\t                    margin-left: -10px;\r\n\t                    margin-right: -10px;\r\n\t                }\r\n\t                .tdi_17 > .vc_column_inner,\r\n\t                .tdi_17 > .tdc-inner-columns > .vc_column_inner {\r\n\t                    padding-left: 10px;\r\n\t                    padding-right: 10px;\r\n\t                }\r\n                }\n<\/style><div class=\"vc_column_inner tdi_19  wpb_column vc_column_container tdc-inner-column td-pb-span8\">\n<style scoped>\n\/* custom css - generated by TagDiv Composer *\/\n\n\/* custom css - generated by TagDiv Composer *\/\n.tdi_19{\r\n                    vertical-align: baseline;\r\n                }.tdi_19 .vc_column-inner > .wpb_wrapper,\r\n\t\t\t\t.tdi_19 .vc_column-inner > .wpb_wrapper .tdc-elements{\r\n\t\t\t\t    display: block;\r\n\t\t\t\t}.tdi_19 .vc_column-inner > .wpb_wrapper .tdc-elements{\r\n\t\t\t\t    width: 100%;\r\n\t\t\t\t}\n<\/style><div class=\"vc_column-inner\"><div class=\"wpb_wrapper\" >[vc_column_text css_animation=&#8221;none&#8221;]\r\n<h4><strong>Alumni Tuesdays\r\n<\/strong><\/h4>\r\nEach year we hold four Alumni Tuesdays. These fun, themed evenings put the spotlight on a distinguished UNIGE alumna or alumnus.\r\n\r\nEach evening is split into two parts. First, there is a <strong>talk<\/strong> by a highly regarded alumna or alumnus. Guest speakers have included, among others, Ruth Dreifuss, former Swiss Federal Councillor and President of Switzerland; Ulrich Lehner, Switzerland\u2019s representative to the OECD; the writer <a href=\"https:\/\/joeldicker.com\">Jo\u00ebl Dicker<\/a>; and director <a href=\"http:\/\/www.allocine.fr\/personne\/fichepersonne_gen_cpersonne=17021.html\">Fr\u00e9d\u00e9ric Mermoud<\/a>.\r\n\r\nThe evenings finish with a <strong>Q&amp;A<\/strong> session and <strong>drinks<\/strong>. This is a fun way to build your network, often in the plush <a href=\"http:\/\/www.les-salons.ch\/site\/fr\/\">Salons<\/a>.[\/vc_column_text]<\/div><\/div><\/div><div class=\"vc_column_inner vc_custom_1511627444648 tdi_21  wpb_column vc_column_container tdc-inner-column td-pb-span4\">\n<style scoped>\n\/* custom css - generated by TagDiv Composer *\/\n\n\/* tdc_composer_block - inline css att *\/\n.vc_custom_1511627444648{padding-top: 20px !important;padding-right: 20px !important;padding-bottom: 20px !important;padding-left: 20px !important;background-color: #efefef !important;background-position: 0 0 !important;background-repeat: repeat !important;}\n\/* custom css - generated by TagDiv Composer *\/\n.tdi_21{\r\n                    vertical-align: baseline;\r\n                }.tdi_21 .vc_column-inner > .wpb_wrapper,\r\n\t\t\t\t.tdi_21 .vc_column-inner > .wpb_wrapper .tdc-elements{\r\n\t\t\t\t    display: block;\r\n\t\t\t\t}.tdi_21 .vc_column-inner > .wpb_wrapper .tdc-elements{\r\n\t\t\t\t    width: 100%;\r\n\t\t\t\t}\n<\/style><div class=\"vc_column-inner\"><div class=\"wpb_wrapper\" >[vc_column_text css=&#8221;&#8221;]<strong>Guest speakers have included:\r\n<\/strong>\r\n<ul>\r\n \t<li><a href=\"https:\/\/youtu.be\/CTUGabiGJDg?si=skeQhlNoRpTImBm7\" target=\"_blank\" rel=\"noopener\">David Beran (October 2025)<\/a><\/li>\r\n \t<li><a href=\"https:\/\/www.youtube.com\/watch?v=wgaPI2zl3VA\" target=\"_blank\" rel=\"noopener\">Luis Lema (May 2025)<\/a><\/li>\r\n \t<li><a href=\"https:\/\/www.youtube.com\/watch?v=2fiGwriYNFs\" target=\"_blank\" rel=\"noopener\">Thomas Greminger (Feb 2025)<\/a><\/li>\r\n \t<li><a href=\"https:\/\/www.youtube.com\/watch?v=6BPN8Z5vlVY\" target=\"_blank\" rel=\"noopener\">Fabienne Picard (Feb 2024)<\/a><\/li>\r\n \t<li><a href=\"https:\/\/www.youtube.com\/watch?v=A4oszgKsiAs\" target=\"_blank\" rel=\"noopener\">Th\u00e9r\u00e8se Blanchet (Oct 2023)<\/a><\/li>\r\n \t<li><a href=\"https:\/\/youtu.be\/3ayRHUI7Vh4\" target=\"_blank\" rel=\"noopener\">Lorenz Baumer (Jun 2023)<\/a><\/li>\r\n \t<li><a href=\"https:\/\/youtu.be\/3evIzUq9RxM\" target=\"_blank\" rel=\"noopener\">Basile Landis (Mar 2023)<\/a><\/li>\r\n \t<li><a href=\"https:\/\/youtu.be\/UQUcm5re9HY?si=hOjJPkBb8_lhEbqD\" target=\"_blank\" rel=\"noopener\">David Sander (Dec 2022)<\/a><\/li>\r\n \t<li><a href=\"https:\/\/www.youtube.com\/watch?v=atyvajgl_-4\" target=\"_blank\" rel=\"noopener\">Yves Rossier (Jun 2022)<\/a><\/li>\r\n \t<li><a href=\"https:\/\/www.youtube.com\/watch?v=PicWv8BEMsI\" target=\"_blank\" rel=\"noopener\">Patrick Aebischer (Nov 2021)<\/a><\/li>\r\n \t<li>Serge Michel (Sep 2021)<\/li>\r\n \t<li>Nicolas Zufferey (Nov 2019)<\/li>\r\n \t<li>Antoine Geissbuhler (Jun 2019)<\/li>\r\n \t<li>Suren Erkman (Feb 2019)<\/li>\r\n \t<li>Tib\u00e8re Adler (Sep 2018)<\/li>\r\n \t<li><a href=\"https:\/\/twitter.com\/luislema?lang=fr\">Luis Lema (Jun 2018)<\/a><\/li>\r\n \t<li>Fran\u00e7ois Nordmann (Feb 2018)<\/li>\r\n \t<li>Fran\u00e7ois Dermange (Dec 2017)<\/li>\r\n \t<li>Bertrand Levrat (Sep 2017)<\/li>\r\n \t<li>Gr\u00e9goire Ribordy (Jun 2017)<\/li>\r\n \t<li><a href=\"https:\/\/youtu.be\/HxKjThDq0mU\">Jo\u00ebl Dicker (Feb 2017)<\/a><\/li>\r\n \t<li>Jean-Marc Rickli (Nov 2016)<\/li>\r\n \t<li>Ulrich Lehner (Sep 2016)<\/li>\r\n \t<li>Fr\u00e9d\u00e9ric Mermoud (Jun 2016)<\/li>\r\n \t<li>Anne H\u00e9ritier Lachat (Mar 2016)<\/li>\r\n \t<li>Caroline Coutau (Dec 2015)<\/li>\r\n \t<li>Maurice Bourquin (Jun 2015)<\/li>\r\n \t<li>Ruth Dreifuss (Mar 2015)<\/li>\r\n \t<li>Peter Brander (Nov 2014)<\/li>\r\n \t<li>Ren\u00e9 Pr\u00eatre (Sep 2014)<\/li>\r\n \t<li>Gilles Marchand (Jun 2014)<\/li>\r\n \t<li>Blaise Matthey (Apr 2014)<\/li>\r\n<\/ul>\r\n[\/vc_column_text]<\/div><\/div><\/div><\/div>[\/vc_tta_section][vc_tta_section i_icon_fontawesome=&#8221;fa fa-solid fa-plane-departure&#8221; add_icon=&#8221;true&#8221; title=&#8221;ALUMNI TRIPS &amp; EXHIBITION TOURS&#8221; tab_id=&#8221;trips-exhibition-tours&#8221;][vc_single_image image=&#8221;1187&#8243; img_size=&#8221;full&#8221; alignment=&#8221;center&#8221;]<div class=\"vc_row_inner tdi_23  vc_row vc_inner wpb_row td-pb-row\" >\n<style scoped>\n\/* custom css - generated by TagDiv Composer *\/\n\n\/* custom css - generated by TagDiv Composer *\/\n.tdi_23{\r\n                    position: relative !important;\r\n                    top: 0;\r\n                    transform: none;\r\n                    -webkit-transform: none;\r\n                }.tdi_23,\r\n\t\t\t\t.tdi_23 .tdc-inner-columns{\r\n\t\t\t\t    display: block;\r\n\t\t\t\t}.tdi_23 .tdc-inner-columns{\r\n\t\t\t\t    width: 100%;\r\n\t\t\t\t}\n<\/style><div class=\"vc_column_inner tdi_25  wpb_column vc_column_container tdc-inner-column td-pb-span8\">\n<style scoped>\n\/* custom css - generated by TagDiv Composer *\/\n\n\/* custom css - generated by TagDiv Composer *\/\n.tdi_25{\r\n                    vertical-align: baseline;\r\n                }.tdi_25 .vc_column-inner > .wpb_wrapper,\r\n\t\t\t\t.tdi_25 .vc_column-inner > .wpb_wrapper .tdc-elements{\r\n\t\t\t\t    display: block;\r\n\t\t\t\t}.tdi_25 .vc_column-inner > .wpb_wrapper .tdc-elements{\r\n\t\t\t\t    width: 100%;\r\n\t\t\t\t}\n<\/style><div class=\"vc_column-inner\"><div class=\"wpb_wrapper\" >[vc_column_text]\r\n<h3><strong>Alumni trips &amp; exhibition tours\r\n<\/strong><\/h3>\r\nWe organise a variety of trips and exhibition tours for our members, featuring a UNIGE researcher or professors as your guide. The aim is to provide cultural and educational experiences that provide members with an opportunity to network with other Alumni. They are also a chance for other members of the UNIGE community to share their knowledge and know-how.\r\n<h4><strong>Alumni trips\r\n<\/strong><\/h4>\r\nOur trips may vary in duration and geographical distance, and they can cover anything from culture and history to natural phenomena and research facilities. Please note that places for these trips are limited.\r\n\r\nYou can find out more about each destination by clicking on the link in the right column.\r\n<h4><strong>Exhibition tours<\/strong><\/h4>\r\nWe regularly organise tours of cultural exhibitions or research facilities, either with a UNIGE professor or another expert. The CERN, the Fondation Gianadda, the MEG (Mus\u00e9e d\u2019ethnographie de Gen\u00e8ve) and the Physiscope, not to mention the UNIGE gallery, are just some of our regular destinations.[\/vc_column_text]<\/div><\/div><\/div><div class=\"vc_column_inner tdi_27  wpb_column vc_column_container tdc-inner-column td-pb-span4\">\n<style scoped>\n\/* custom css - generated by TagDiv Composer *\/\n\n\/* custom css - generated by TagDiv Composer *\/\n.tdi_27{\r\n                    vertical-align: baseline;\r\n                }.tdi_27 .vc_column-inner > .wpb_wrapper,\r\n\t\t\t\t.tdi_27 .vc_column-inner > .wpb_wrapper .tdc-elements{\r\n\t\t\t\t    display: block;\r\n\t\t\t\t}.tdi_27 .vc_column-inner > .wpb_wrapper .tdc-elements{\r\n\t\t\t\t    width: 100%;\r\n\t\t\t\t}\n<\/style><div class=\"vc_column-inner\"><div class=\"wpb_wrapper\" >[vc_column_text css=&#8221;&#8221;]<strong>Our trips:<\/strong>\r\n<ul>\r\n \t<li><a href=\"https:\/\/alumniunige.ch\/wp-content\/uploads\/2024\/10\/Excursion-Alumni-UNIGE-du-12-octobre.pdf\">Geneva&#8217;s geological secrets (2024)<\/a><\/li>\r\n \t<li><a href=\"https:\/\/alumniunige.ch\/wp-content\/uploads\/2024\/03\/Programme-Rome.pdf\">Rome (2024)<\/a><\/li>\r\n \t<li><a href=\"https:\/\/alumniunige.ch\/wp-content\/uploads\/2019\/08\/Programme-Dordogne.pdf\">Dordogne, France (2019)<\/a><\/li>\r\n \t<li><a href=\"https:\/\/alumniunige.ch\/wp-content\/uploads\/2019\/01\/Programme-Sicile.pdf\">Southern Sicily (2019)<\/a><\/li>\r\n \t<li><a href=\"https:\/\/alumniunige.ch\/wp-content\/uploads\/2018\/04\/Programme-Van-Gogh.pdf\">Van Gogh\u2019s footsteps: Paris to Arles (2018)<\/a><\/li>\r\n \t<li><a href=\"https:\/\/alumniunige.ch\/wp-content\/uploads\/2018\/04\/british-museum.pdf\">British Museum, London (2017)<\/a><\/li>\r\n \t<li><a href=\"https:\/\/alumniunige.ch\/wp-content\/uploads\/2017\/08\/Armenie-_programme.pdf\">Armenia (2017)<\/a><\/li>\r\n \t<li><a href=\"https:\/\/alumniunige.ch\/wp-content\/uploads\/2017\/08\/Programme_Arde__che.pdf\">Ard\u00e8che region, France (2016)<\/a><\/li>\r\n \t<li><a href=\"https:\/\/alumniunige.ch\/wp-content\/uploads\/2017\/08\/Programme_ESTEC.pdf\">The Netherlands (2015)<\/a><\/li>\r\n \t<li><a href=\"https:\/\/alumniunige.ch\/wp-content\/uploads\/2017\/08\/Programme_Sicile.pdf\">Sicily (2015)<\/a><\/li>\r\n \t<li><a href=\"https:\/\/alumniunige.ch\/wp-content\/uploads\/2017\/08\/Vermeer.pdf\">Delft (2014)<\/a><\/li>\r\n \t<li><a href=\"https:\/\/alumniunige.ch\/wp-content\/uploads\/2017\/08\/Crotone.pdf\">Calabria region, Italy (2014)<\/a><\/li>\r\n \t<li><a href=\"https:\/\/alumniunige.ch\/wp-content\/uploads\/2017\/08\/Chypre-programme.pdf\">Cyprus (2014)<\/a><\/li>\r\n \t<li><a href=\"https:\/\/alumniunige.ch\/wp-content\/uploads\/2017\/08\/Programme_Oetzi.pdf\">Northern Italy: Discovering \u00d6tzi (2013)<\/a><\/li>\r\n \t<li><a href=\"https:\/\/alumniunige.ch\/wp-content\/uploads\/2017\/08\/Programme_Arcadie.pdf\">The sources of the Styx in Arcadia, Greece (2013)<\/a><\/li>\r\n \t<li><a href=\"https:\/\/alumniunige.ch\/wp-content\/uploads\/2017\/08\/Programme-Albanie.pdf\">Albania (2012)<\/a><\/li>\r\n \t<li><a href=\"https:\/\/alumniunige.ch\/wp-content\/uploads\/2017\/08\/VoyPomp.pdf\">Pompeii (2011)<\/a><\/li>\r\n \t<li><a href=\"https:\/\/alumniunige.ch\/wp-content\/uploads\/2017\/08\/Stonehenge.pdf\">Stonehenge and Avebury (2011)<\/a><\/li>\r\n \t<li><a href=\"https:\/\/alumniunige.ch\/wp-content\/uploads\/2017\/08\/Alumni-Mali2.pdf\">Mali and Burkina Faso (2011)<\/a><\/li>\r\n \t<li><a href=\"https:\/\/alumniunige.ch\/wp-content\/uploads\/2017\/08\/Australie.pdf\">Australia (2010)<\/a><\/li>\r\n<\/ul>\r\n[\/vc_column_text][vc_column_text css=&#8221;&#8221;]<strong>Our exhibition tours:<\/strong>\r\n<ul>\r\n \t<li><a href=\"https:\/\/www.mahmah.ch\/expositions\/casanova-geneve\">Neutrinos &#8211; The Ghost Particle (March 2026)<\/a><\/li>\r\n \t<li><a href=\"https:\/\/www.mahmah.ch\/expositions\/casanova-geneve\">Casanova in Geneva: A Libertine at Calvin (January 2026)<\/a><\/li>\r\n \t<li><a href=\"https:\/\/www.unige.ch\/lettres\/antic\/unites\/archeo\/expositions\">News from Anticythera (December 2025)<\/a><\/li>\r\n \t<li><span class=\"iwListTitleText\">Heritage Tour of UNIGE &#8211; Uni Dufour (octobre 2025)<\/span><\/li>\r\n \t<li><a class=\"iw-link iwListTitle\" href=\"https:\/\/alumniunige.ch\/portal\/gallery\/gallery\/browse\/gnr\/86\"><span class=\"iwListTitleText\">Exposition &#8220;Le feu de la Terre, une aventure humaine&#8221; (September 2025)<\/span><\/a><\/li>\r\n \t<li><span class=\"iwListTitleText\">Guided tour of the Maison Rousseau &amp; Litt\u00e9rature (ao\u00fbt 2025)<\/span><\/li>\r\n \t<li><a href=\"https:\/\/interdisciplinaire.ch\/albert-cohen-un-parcours-genevois\/\"><span class=\"iwListTitleText\">Albert Cohen : a Geneva itinerary (May 2025)<\/span><\/a><\/li>\r\n \t<li><a href=\"https:\/\/www.unige.ch\/math\/GEM\/nos-activites\/expositions\/exposition-suivante\/exposition-kolam-un-art-feminin-ephemere-dinde-du-sud-unige13-au-20-mars\">Kolam (mars 2025)<\/a><\/li>\r\n \t<li><a href=\"https:\/\/www.unige.ch\/cite\/immersum\" rel=\"noopener\">Immersum &#8211; Diving into the past (January and February 2025)<\/a><\/li>\r\n \t<li>Heritage Tour of UNIGE &#8211; Former School of Medicine (10-2024, 02-2025 and 06-2025)<\/li>\r\n \t<li>Heritage Tour of UNIGE &#8211; Institute of Physics (09-2024, 02-2025 and 06-2025)<\/li>\r\n \t<li><a href=\"https:\/\/www.unige.ch\/cite\/evenements\/exposition\/seu\/expo-actuelle\/voyage-enchante\">Enchanted Journey (June 2024)<\/a><\/li>\r\n \t<li><a href=\"https:\/\/www.unige.ch\/math\/perspectives\/\">Perspectives &#8211; The Mathematical Universe of M.C. Escher (April 2024)<\/a><\/li>\r\n \t<li>Rebirth in War (December 2023)<\/li>\r\n \t<li><a href=\"https:\/\/www.unige.ch\/cite\/evenements\/exposition\/seu\/expo-actuelle\/microscopia\">Plankton, from Lake Geneva to the Ocean (September 2023)<\/a><\/li>\r\n \t<li>Pioneering Insights into the Birth of the Alps (June 2023)<\/li>\r\n \t<li>COVID Aftermath: the Ripple Effect of the Pandemic (March 2023)<\/li>\r\n \t<li>The New Threat \u2013 Exhibition on Cognitive Bias (October 2022)<\/li>\r\n \t<li><a href=\"https:\/\/redcrossmuseum.ch\/archives\/who-cares-genre-et-action-humanitaire\/\">Who cares? Gender and Humanitarian Action (September 2022)<\/a><\/li>\r\n \t<li>Extraordinary History of Ordinary Prints (June 2022)<\/li>\r\n \t<li>Where\u2019s the Monster? (April 2022)<\/li>\r\n \t<li><a href=\"https:\/\/www.unige.ch\/cite\/evenements\/exposition\/seu\/expositions-passees\/intime\">Intimate? (October 2021)<\/a><\/li>\r\n \t<li><a href=\"https:\/\/alumniunige.ch\/wp-content\/uploads\/2017\/08\/Bodmer.pdf\">Ancient Medicine, from Body to Stars (oct 2010\u00ad \u2013 jan 2011)<\/a><\/li>\r\n<\/ul>\r\n[\/vc_column_text]<\/div><\/div><\/div><\/div>[\/vc_tta_section][vc_tta_section i_icon_fontawesome=&#8221;fa fa-solid fa-map-location-dot&#8221; add_icon=&#8221;true&#8221; title=&#8221;EVENTS ABROAD&#8221; tab_id=&#8221;events-abroad&#8221;][vc_single_image image=&#8221;1187&#8243; img_size=&#8221;full&#8221; alignment=&#8221;center&#8221;]<div class=\"vc_row_inner tdi_29  vc_row vc_inner wpb_row td-pb-row\" >\n<style scoped>\n\/* custom css - generated by TagDiv Composer *\/\n\n\/* custom css - generated by TagDiv Composer *\/\n.tdi_29{\r\n                    position: relative !important;\r\n                    top: 0;\r\n                    transform: none;\r\n                    -webkit-transform: none;\r\n                }.tdi_29,\r\n\t\t\t\t.tdi_29 .tdc-inner-columns{\r\n\t\t\t\t    display: block;\r\n\t\t\t\t}.tdi_29 .tdc-inner-columns{\r\n\t\t\t\t    width: 100%;\r\n\t\t\t\t}\n<\/style><div class=\"vc_column_inner tdi_31  wpb_column vc_column_container tdc-inner-column td-pb-span8\">\n<style scoped>\n\/* custom css - generated by TagDiv Composer *\/\n\n\/* custom css - generated by TagDiv Composer *\/\n.tdi_31{\r\n                    vertical-align: baseline;\r\n                }.tdi_31 .vc_column-inner > .wpb_wrapper,\r\n\t\t\t\t.tdi_31 .vc_column-inner > .wpb_wrapper .tdc-elements{\r\n\t\t\t\t    display: block;\r\n\t\t\t\t}.tdi_31 .vc_column-inner > .wpb_wrapper .tdc-elements{\r\n\t\t\t\t    width: 100%;\r\n\t\t\t\t}\n<\/style><div class=\"vc_column-inner\"><div class=\"wpb_wrapper\" >[vc_column_text]\r\n<h4><strong>Events around the world<\/strong><\/h4>\r\n<em>Welcome, bienvenidos, hu\u0101n y\u00edng!<\/em> Over the years, the Alumni UNIGE network has also grown outside Switzerland, with events, meetings and talks taking place further afield. When we don\u2019t have our own local chapter, we work in partnership with Swiss representations, embassies, chambers of commerce and Swissnex. For instance, we regularly hold events in Japan and Qu\u00e9bec, and have also organized meetups in Paris, Mexico, Hong Kong and S\u00e3o Paulo.[\/vc_column_text]<\/div><\/div><\/div><div class=\"vc_column_inner tdi_33  wpb_column vc_column_container tdc-inner-column td-pb-span4\">\n<style scoped>\n\/* custom css - generated by TagDiv Composer *\/\n\n\/* custom css - generated by TagDiv Composer *\/\n.tdi_33{\r\n                    vertical-align: baseline;\r\n                }.tdi_33 .vc_column-inner > .wpb_wrapper,\r\n\t\t\t\t.tdi_33 .vc_column-inner > .wpb_wrapper .tdc-elements{\r\n\t\t\t\t    display: block;\r\n\t\t\t\t}.tdi_33 .vc_column-inner > .wpb_wrapper .tdc-elements{\r\n\t\t\t\t    width: 100%;\r\n\t\t\t\t}\n<\/style><div class=\"vc_column-inner\"><div class=\"wpb_wrapper\" ><\/div><\/div><\/div><\/div>[\/vc_tta_section][\/vc_tta_tour]<\/div><\/div><\/div><\/div><\/div>","protected":false},"excerpt":{"rendered":"[vc_column_text] EVENTS [\/vc_column_text][vc_tta_tour][vc_tta_section i_icon_fontawesome=\"fa fa-regular fa-calendar-days\" add_icon=\"true\" title=\"UPCOMING EVENTS\" tab_id=\"a-venir\"] Nuit du badminton 30\/04\/2026 De: vendredi 22 mai 2026 18:00 \u00e0 vendredi 22 mai 2026 23:59Le 22 mai aura lieu ce tournoi amateur, con\u00e7u pour le plaisir de jouer et de partager un moment convivial. Les inscriptions sont ouvertes jusqu\u2019au 12 mai.A noter qu'un-e licenci\u00e9-e [...]","protected":false},"author":4,"featured_media":0,"parent":0,"menu_order":0,"comment_status":"closed","ping_status":"closed","template":"","meta":{"_acf_changed":false,"footnotes":""},"class_list":["post-157181","page","type-page","status-publish","hentry"],"acf":[],"yoast_head":"<!-- This site is optimized with the Yoast SEO plugin v27.5 - https:\/\/yoast.com\/product\/yoast-seo-wordpress\/ -->\n<title>EVENTS - ALUMNI - UNIGE<\/title>\n<meta name=\"robots\" content=\"index, follow, max-snippet:-1, max-image-preview:large, max-video-preview:-1\" \/>\n<link rel=\"canonical\" href=\"https:\/\/alumniunige.ch\/en\/events\/\" \/>\n<meta property=\"og:locale\" content=\"en_US\" \/>\n<meta property=\"og:type\" content=\"article\" \/>\n<meta property=\"og:title\" content=\"EVENTS - ALUMNI - UNIGE\" \/>\n<meta property=\"og:url\" content=\"https:\/\/alumniunige.ch\/en\/events\/\" \/>\n<meta property=\"og:site_name\" content=\"ALUMNI - UNIGE\" \/>\n<meta property=\"article:modified_time\" content=\"2026-04-28T07:16:14+00:00\" \/>\n<meta property=\"og:image\" content=\"https:\/\/wp.peoplepath.com\/ugva-dev\/wp-content\/uploads\/2023\/12\/Event-AccordCadre-230222.jpg\" \/>\n<meta name=\"twitter:card\" content=\"summary_large_image\" \/>\n<meta name=\"twitter:label1\" content=\"Est. reading time\" \/>\n\t<meta name=\"twitter:data1\" content=\"6 minutes\" \/>\n<script type=\"application\/ld+json\" class=\"yoast-schema-graph\">{\"@context\":\"https:\\\/\\\/schema.org\",\"@graph\":[{\"@type\":\"WebPage\",\"@id\":\"https:\\\/\\\/alumniunige.ch\\\/en\\\/events\\\/\",\"url\":\"https:\\\/\\\/alumniunige.ch\\\/en\\\/events\\\/\",\"name\":\"EVENTS - ALUMNI - UNIGE\",\"isPartOf\":{\"@id\":\"https:\\\/\\\/alumniunige.ch\\\/#website\"},\"primaryImageOfPage\":{\"@id\":\"https:\\\/\\\/alumniunige.ch\\\/en\\\/events\\\/#primaryimage\"},\"image\":{\"@id\":\"https:\\\/\\\/alumniunige.ch\\\/en\\\/events\\\/#primaryimage\"},\"thumbnailUrl\":\"https:\\\/\\\/wp.peoplepath.com\\\/ugva-dev\\\/wp-content\\\/uploads\\\/2023\\\/12\\\/Event-AccordCadre-230222.jpg\",\"datePublished\":\"2024-02-23T10:40:09+00:00\",\"dateModified\":\"2026-04-28T07:16:14+00:00\",\"breadcrumb\":{\"@id\":\"https:\\\/\\\/alumniunige.ch\\\/en\\\/events\\\/#breadcrumb\"},\"inLanguage\":\"en-US\",\"potentialAction\":[{\"@type\":\"ReadAction\",\"target\":[\"https:\\\/\\\/alumniunige.ch\\\/en\\\/events\\\/\"]}]},{\"@type\":\"ImageObject\",\"inLanguage\":\"en-US\",\"@id\":\"https:\\\/\\\/alumniunige.ch\\\/en\\\/events\\\/#primaryimage\",\"url\":\"https:\\\/\\\/wp.peoplepath.com\\\/ugva-dev\\\/wp-content\\\/uploads\\\/2023\\\/12\\\/Event-AccordCadre-230222.jpg\",\"contentUrl\":\"https:\\\/\\\/wp.peoplepath.com\\\/ugva-dev\\\/wp-content\\\/uploads\\\/2023\\\/12\\\/Event-AccordCadre-230222.jpg\"},{\"@type\":\"BreadcrumbList\",\"@id\":\"https:\\\/\\\/alumniunige.ch\\\/en\\\/events\\\/#breadcrumb\",\"itemListElement\":[{\"@type\":\"ListItem\",\"position\":1,\"name\":\"Startseite\",\"item\":\"https:\\\/\\\/alumniunige.ch\\\/en\\\/\"},{\"@type\":\"ListItem\",\"position\":2,\"name\":\"EVENTS\"}]},{\"@type\":\"WebSite\",\"@id\":\"https:\\\/\\\/alumniunige.ch\\\/#website\",\"url\":\"https:\\\/\\\/alumniunige.ch\\\/\",\"name\":\"ALUMNI - UNIGE\",\"description\":\"Universit\u00e9 de Gen\u00e8ve\",\"potentialAction\":[{\"@type\":\"SearchAction\",\"target\":{\"@type\":\"EntryPoint\",\"urlTemplate\":\"https:\\\/\\\/alumniunige.ch\\\/?s={search_term_string}\"},\"query-input\":{\"@type\":\"PropertyValueSpecification\",\"valueRequired\":true,\"valueName\":\"search_term_string\"}}],\"inLanguage\":\"en-US\"}]}<\/script>\n<!-- \/ Yoast SEO plugin. -->","yoast_head_json":{"title":"EVENTS - ALUMNI - UNIGE","robots":{"index":"index","follow":"follow","max-snippet":"max-snippet:-1","max-image-preview":"max-image-preview:large","max-video-preview":"max-video-preview:-1"},"canonical":"https:\/\/alumniunige.ch\/en\/events\/","og_locale":"en_US","og_type":"article","og_title":"EVENTS - ALUMNI - UNIGE","og_url":"https:\/\/alumniunige.ch\/en\/events\/","og_site_name":"ALUMNI - UNIGE","article_modified_time":"2026-04-28T07:16:14+00:00","og_image":[{"url":"https:\/\/wp.peoplepath.com\/ugva-dev\/wp-content\/uploads\/2023\/12\/Event-AccordCadre-230222.jpg","type":"","width":"","height":""}],"twitter_card":"summary_large_image","twitter_misc":{"Est. reading time":"6 minutes"},"schema":{"@context":"https:\/\/schema.org","@graph":[{"@type":"WebPage","@id":"https:\/\/alumniunige.ch\/en\/events\/","url":"https:\/\/alumniunige.ch\/en\/events\/","name":"EVENTS - ALUMNI - UNIGE","isPartOf":{"@id":"https:\/\/alumniunige.ch\/#website"},"primaryImageOfPage":{"@id":"https:\/\/alumniunige.ch\/en\/events\/#primaryimage"},"image":{"@id":"https:\/\/alumniunige.ch\/en\/events\/#primaryimage"},"thumbnailUrl":"https:\/\/wp.peoplepath.com\/ugva-dev\/wp-content\/uploads\/2023\/12\/Event-AccordCadre-230222.jpg","datePublished":"2024-02-23T10:40:09+00:00","dateModified":"2026-04-28T07:16:14+00:00","breadcrumb":{"@id":"https:\/\/alumniunige.ch\/en\/events\/#breadcrumb"},"inLanguage":"en-US","potentialAction":[{"@type":"ReadAction","target":["https:\/\/alumniunige.ch\/en\/events\/"]}]},{"@type":"ImageObject","inLanguage":"en-US","@id":"https:\/\/alumniunige.ch\/en\/events\/#primaryimage","url":"https:\/\/wp.peoplepath.com\/ugva-dev\/wp-content\/uploads\/2023\/12\/Event-AccordCadre-230222.jpg","contentUrl":"https:\/\/wp.peoplepath.com\/ugva-dev\/wp-content\/uploads\/2023\/12\/Event-AccordCadre-230222.jpg"},{"@type":"BreadcrumbList","@id":"https:\/\/alumniunige.ch\/en\/events\/#breadcrumb","itemListElement":[{"@type":"ListItem","position":1,"name":"Startseite","item":"https:\/\/alumniunige.ch\/en\/"},{"@type":"ListItem","position":2,"name":"EVENTS"}]},{"@type":"WebSite","@id":"https:\/\/alumniunige.ch\/#website","url":"https:\/\/alumniunige.ch\/","name":"ALUMNI - UNIGE","description":"Universit\u00e9 de Gen\u00e8ve","potentialAction":[{"@type":"SearchAction","target":{"@type":"EntryPoint","urlTemplate":"https:\/\/alumniunige.ch\/?s={search_term_string}"},"query-input":{"@type":"PropertyValueSpecification","valueRequired":true,"valueName":"search_term_string"}}],"inLanguage":"en-US"}]}},"_links":{"self":[{"href":"https:\/\/alumniunige.ch\/en\/wp-json\/wp\/v2\/pages\/157181","targetHints":{"allow":["GET"]}}],"collection":[{"href":"https:\/\/alumniunige.ch\/en\/wp-json\/wp\/v2\/pages"}],"about":[{"href":"https:\/\/alumniunige.ch\/en\/wp-json\/wp\/v2\/types\/page"}],"author":[{"embeddable":true,"href":"https:\/\/alumniunige.ch\/en\/wp-json\/wp\/v2\/users\/4"}],"replies":[{"embeddable":true,"href":"https:\/\/alumniunige.ch\/en\/wp-json\/wp\/v2\/comments?post=157181"}],"version-history":[{"count":47,"href":"https:\/\/alumniunige.ch\/en\/wp-json\/wp\/v2\/pages\/157181\/revisions"}],"predecessor-version":[{"id":163719,"href":"https:\/\/alumniunige.ch\/en\/wp-json\/wp\/v2\/pages\/157181\/revisions\/163719"}],"wp:attachment":[{"href":"https:\/\/alumniunige.ch\/en\/wp-json\/wp\/v2\/media?parent=157181"}],"curies":[{"name":"wp","href":"https:\/\/api.w.org\/{rel}","templated":true}]}}